{"id":684,"date":"2021-11-11T19:49:20","date_gmt":"2021-11-12T03:49:20","guid":{"rendered":"https:\/\/deforestacion.bajolalupa.news\/?page_id=684"},"modified":"2021-12-17T10:23:49","modified_gmt":"2021-12-17T18:23:49","slug":"home-espanol","status":"publish","type":"page","link":"https:\/\/bajolalupa.news\/comienzodelfindelbosqueatlantico\/home-espanol\/","title":{"rendered":"Home-Espanol"},"content":{"rendered":"<div class=\"gb-container gb-container-1df1f965\"><div class=\"gb-inside-container\">\n<div class=\"gb-container gb-container-f58e6910\"><div class=\"gb-inside-container\">\n\n<p class=\"wow animate__animated animate__fadeInDown\"><strong>Nota de la editora:<\/strong> Este informe se basa en documentos y datos p\u00fablicos y privados, as\u00ed como entrevistas con casi dos docenas de personas, incluidos funcionarios y exfuncionarios ambientales del gobierno, economistas, bi\u00f3logos, ind\u00edgenas, acad\u00e9micos, t\u00e9cnicos e investigadores que han sido testigos de la deforestaci\u00f3n en la regi\u00f3n oriental de Paraguay y las razones por las que ha ocurrido. <\/p>\n\n<\/div><\/div>\n\n<div class=\"gb-container gb-container-4de37adf animate__backInRight alignwide\"><div class=\"gb-inside-container\">\n<div class=\"gb-grid-wrapper gb-grid-wrapper-48a41bda\">\n<div class=\"gb-grid-column gb-grid-column-8f21f800\"><div class=\"gb-container gb-container-8f21f800 rounded-circle\"><div class=\"gb-inside-container\">\n\n<img loading=\"lazy\" decoding=\"async\" src=\"https:\/\/bajolalupa.news\/comienzodelfindelbosqueatlantico\/wp-content\/uploads\/Aldo-Benitez.jpg\" class=\"rounded-circle\" alt=\"Cinque Terre\" width=\"140\" height=\"140\">\n\n<\/div><\/div><\/div>\n\n<div class=\"gb-grid-column gb-grid-column-5e2864c3\"><div class=\"gb-container gb-container-5e2864c3 gb-headline gb-headline-709e710d gb-headline-51c4d588\"><div class=\"gb-inside-container\">\n\n<h3 class=\"gb-headline gb-headline-bcfb904b\"><span class=\"gb-icon\"><svg viewBox=\"0 0 512 512\" xmlns=\"http:\/\/www.w3.org\/2000\/svg\" class=\"svg-inline--fa fa-feather-alt fa-w-16 feather-icon\" data-icon=\"feather-alt\" data-prefix=\"fas\" aria-hidden=\"true\"><path d=\"M512 0C460.22 3.56 96.44 38.2 71.01 287.61c-3.09 26.66-4.84 53.44-5.99 80.24l178.87-178.69c6.25-6.25 16.4-6.25 22.65 0s6.25 16.38 0 22.63L7.04 471.03c-9.38 9.37-9.38 24.57 0 33.94 9.38 9.37 24.59 9.37 33.98 0l57.13-57.07c42.09-.14 84.15-2.53 125.96-7.36 53.48-5.44 97.02-26.47 132.58-56.54H255.74l146.79-48.88c11.25-14.89 21.37-30.71 30.45-47.12h-81.14l106.54-53.21C500.29 132.86 510.19 26.26 512 0z\" fill=\"currentColor\"><\/path><\/svg><\/span><span class=\"gb-headline-text\"><strong>Por Aldo Ben\u00edtez<\/strong><\/span><\/h3>\n\n\n\n<p class=\"gb-headline gb-headline-c6838434 gb-headline-text\"><meta charset=\"utf-8\">Corresponsal\/Bajo la Lupa<\/p>\n\n<\/div><\/div><\/div>\n<\/div>\n<\/div><\/div>\n\n<div class=\"gb-container gb-container-39ba77bf\"><div class=\"gb-inside-container\">\n\n<p class=\"has-drop-cap\">Hace diez a\u00f1os, la estancia Paso Kurusu cubr\u00eda 21,834 hect\u00e1reas en el Bosque Atl\u00e1ntico y su terreno era considerado una de las reservas forestales m\u00e1s importantes de Paraguay. En ese momento, el Fondo Mundial para la Naturaleza clasific\u00f3 el bosque como esencial para la conservaci\u00f3n de corredores naturales de \u00e1rboles viejos en la regi\u00f3n oriental de Paraguay, una zona de amplias llanuras, valles y tierra roja.<\/p>\n\n\n\n<p>En los a\u00f1os posteriores, el bosque en Paso Kurusu ha sido destruido.<\/p>\n\n\n\n<p>Casi 20,000 hect\u00e1reas fueron despojadas de los \u00e1rboles entre 2011 y 2020, a pesar de una ley nacional vigente desde 2004 que protege el Bosque Atl\u00e1ntico y proh\u00edbe la tala de \u00e1rboles. El due\u00f1o de esta tierra ahora arrasada es el empresario brasile\u00f1o Ulises Rodr\u00edguez Teixeira.<\/p>\n\n\n\n<p>Desde que Rodr\u00edguez Teixeira se instal\u00f3 en Paraguay hace m\u00e1s de dos d\u00e9cadas, los funcionarios ambientales dicen que se ha convertido en uno de los deforestadores m\u00e1s prol\u00edficos de la regi\u00f3n oriental, donde Paraguay comparte frontera con Argentina y Brasil.<\/p>\n\n\n\n<p>Los registros de las agencias gubernamentales de protecci\u00f3n ambiental de Paraguay durante los \u00faltimos 10 a\u00f1os muestran que ning\u00fan otro empresario del sector agroindustrial ha acumulado tantas denuncias ni ha sido objeto de tantas investigaciones.<\/p>\n\n\n\n<p>En 2017, Rodr\u00edguez Teixeira recibi\u00f3 la multa m\u00e1s grande jam\u00e1s impuesta por el Ministerio de Medio Ambiente de Paraguay &#8211; USD $ 216,700 &#8211; por la deforestaci\u00f3n de 12 propiedades que pose\u00eda entre 2011 y 2012. El Ministro de Medio Ambiente en ese momento, Rolando de Barros Barreto, firm\u00f3 la orden. Pero cuatro a\u00f1os despu\u00e9s, Rodr\u00edguez Teixeira no ha pagado la multa. Apel\u00f3 la medida y la cuesti\u00f3n sigue sin resolverse en los tribunales de Paraguay.<\/p>\n\n\n\n<p>&#8220;El nombre de Rodr\u00edguez Teixeira es referencia a la hora de hablar sobre la deforestaci\u00f3n en la regi\u00f3n oriental&#8221;, dice de Barros Barreto, ex ministro del ambiente en una entrevista.<\/p>\n\n\n\n<p>A pesar de las estrictas regulaciones ambientales de Paraguay, como la ley de Deforestaci\u00f3n Cero que ha estado en vigor desde 2004, los datos del sistema satelital Global Forest Watch muestran que 1,276,471 hect\u00e1reas fueron arrasadas en diez de los 14 departamentos de Paraguay que forman parte del Bosque Atl\u00e1ntico entre 2004 y 2019. En todo ese tiempo, ni una sola persona fue condenada a la c\u00e1rcel por deforestaci\u00f3n.<\/p>\n\n\n\n<p>No hay suficientes funcionarios ambientales para hacer cumplir las regulaciones de deforestaci\u00f3n en Paraguay, un pa\u00eds de 7 millones de personas que tiene aproximadamente el tama\u00f1o de California. Y no hay jueces especializados en derecho ambiental, lo que significa que sus decisiones no suelen basarse en preocupaciones ambientales.<\/p>\n\n\n\n<p>Luego, tambi\u00e9n existen preocupaciones econ\u00f3micas. El Bosque Atl\u00e1ntico viene siendo talado por empresas agroindustriales para dar paso a la lucrativa producci\u00f3n de soja y producci\u00f3n ganadera para la exportaci\u00f3n de carne. Las exportaciones de soja generan un poco m\u00e1s de USD $ 3 mil millones por a\u00f1o, seg\u00fan la Plataforma Nacional de Commodities Sostenibles, lo que convierte a Paraguay en uno de los mayores exportadores de soja del mundo.<\/p>\n\n\n\n<p>La ganader\u00eda paraguaya mueve unos USD $ 1,350 millones por a\u00f1o en exportaci\u00f3n de carne, ubicando al pa\u00eds entre los principales proveedores del mundo. En la regi\u00f3n oriental, donde esta el Bosque Atl\u00e1ntico, se concentra el 52 por ciento de todo el ganado del pa\u00eds, seg\u00fan datos de la Mesa Paraguaya de Carne Sostenible.<\/p>\n\n\n\n<p>La historia de la deforestaci\u00f3n del Bosque Atl\u00e1ntico obedece al nulo cumplimiento de las leyes ambientales y a los grandes intereses econ\u00f3micos en competencia que se desarrolla en Paraguay. Estos v\u00ednculos se dan con Brasil, que comparte el bosque con Paraguay, y resuena en toda Am\u00e9rica Latina.<\/p>\n\n\n\n<figure id=\"attachment_8520\" aria-describedby=\"caption-attachment-8520\" style=\"width: 366px\" class=\"wp-caption alignright\"><img loading=\"lazy\" decoding=\"async\" class=\" wp-image-8520 wow animate__animated animate__fadeInRight\" src=\"https:\/\/bajolalupa.news\/comienzodelfindelbosqueatlantico\/wp-content\/uploads\/Toucan-in-Atlantic-forest.jpg\" alt=\"Toucan-in-Atlantic-forest\" width=\"376\" height=\"485\" srcset=\"https:\/\/bajolalupa.news\/comienzodelfindelbosqueatlantico\/wp-content\/uploads\/Toucan-in-Atlantic-forest.jpg 465w, https:\/\/bajolalupa.news\/comienzodelfindelbosqueatlantico\/wp-content\/uploads\/Toucan-in-Atlantic-forest-233x300.jpg 233w\" sizes=\"auto, (max-width: 376px) 100vw, 376px\" \/><figcaption id=\"caption-attachment-8520\" class=\"wp-caption-text\">Tucanet azafr\u00e1n en el Bosque Atl\u00e1ntico. Foto: Shutterstock<\/figcaption><\/figure>\n\n\n\n<p>&#8220;No hicimos nada para evitar la destrucci\u00f3n del Bosque Atl\u00e1ntico del Alto Paran\u00e1&#8221;, dice F\u00e1tima Mereles, ex presidenta del Consejo Nacional de Ciencia y Tecnolog\u00eda de Paraguay. &#8220;Hoy, todo el Bosque Atl\u00e1ntico est\u00e1 perdiendo su capacidad de recuperaci\u00f3n&#8221;.&nbsp;<\/p>\n\n\n\n<p>La mayor parte de la tierra de Rodr\u00edguez Teixeria se encuentra en el Bosque Atl\u00e1ntico, una regi\u00f3n biodiversa con m\u00e1s de 2,000 especies de animales. El bosque alberga m\u00e1s de 930 especies de aves. Y hay m\u00e1s de 20,000 especies de plantas en el Bosque Atl\u00e1ntico, el 40 por ciento de las cuales no se encuentran en ning\u00fan otro lugar de la Tierra. Se han registrado al menos 450 especies de \u00e1rboles en solo una hect\u00e1rea del Bosque Atl\u00e1ntico.<\/p>\n\n\n\n<p>El Bosque Atl\u00e1ntico es superado solo por el Amazonas en importancia ecol\u00f3gica y ambiental en Am\u00e9rica Latina, seg\u00fan el Fondo Mundial para la Naturaleza. Pero tambi\u00e9n es considerado uno de los m\u00e1s amenazados.<\/p>\n\n\n\n<p>El majestuoso bosque una vez se extendi\u00f3 por m\u00e1s de 1,294,994 kil\u00f3metros cuadrados en Brasil, Paraguay y Argentina. En los \u00faltimos 10 a\u00f1os, el 85 por ciento del bosque original fue arrasado, dejando solo 194,249 kil\u00f3metros cuadrados intactos.<\/p>\n\n\n<div class=\"gb-container gb-container-1d5665a0\"><div class=\"gb-inside-container\">\n<div class=\"gb-container gb-container-9b4f5a7e alignfull\"><div class=\"gb-inside-container\"><\/div><\/div>\n\n<div class=\"gb-container gb-container-782db56c alignfull\"><div class=\"gb-inside-container\">\n\n<p>La regi\u00f3n oriental de Paraguay alberga el Bosque Atl\u00e1ntico, un ecosistema vital de especies \u00fanicas de plantas y animales, solo superado por el Amazonas y una de las \u00e1reas naturales m\u00e1s ricas del planeta. Foto: Shutterstock<\/p>\n\n<\/div><\/div>\n<\/div><\/div>\n\n\n<p>Paraguay posee una riqueza de ecosistemas que los bi\u00f3logos y especialistas ambientales consideran \u00fanicos. Dividida en dos regiones distintas, la oriental y la occidental, cada una forma parte de una importante ecorregi\u00f3n de Am\u00e9rica Latina.<\/p>\n\n\n\n<p>En la regi\u00f3n oriental, el Bosque Atl\u00e1ntico cubre diez departamentos y al menos veinte \u00e1reas silvestres protegidas, incluida la Reserva de la Biosfera del Bosque Mbaracay\u00fa, una de las dos biosferas naturales reconocidas por la UNESCO en Paraguay. La otra es la Reserva de la Biosfera del Chaco.<\/p>\n\n\n\n<p>En la regi\u00f3n occidental, la parte alta del Chaco paraguayo forma parte del Gran Pantanal, el humedal m\u00e1s grande del mundo, compartido con Bolivia y Brasil. Algunos especialistas lo consideran el ecosistema con mayor biodiversidad del planeta. Es el hogar de especies como la nutria gigante (<em>Pteronura brasiliensis<\/em>) y el armadillo gigante (<em>Priodontes maximus<\/em>) que est\u00e1n clasificados en peligro de extinci\u00f3n y no se encuentran en ning\u00fan otro lugar del mundo.<\/p>\n\n\n<span class=\"su-lightbox\" data-mfp-src=\"#animales\" data-mfp-type=\"inline\" data-mobile=\"yes\">\n<figure class=\"figure float-end\">\n    <img loading=\"lazy\" decoding=\"async\" src=\"https:\/\/bajolalupa.news\/comienzodelfindelbosqueatlantico\/wp-content\/uploads\/Animales.png\" class=\"figure-img img-fluid rounded wow animate__animated animate__fadeInRight\" alt=\"Animales\" width=\"375\" height=\"485\"><figcaption class=\"figure-caption text-end\">Infogr\u00e1fica por Rodrigo Pujol.<\/figcaption><\/figure>\n<\/span>\n<div class=\"su-lightbox-content su-u-trim \" id=\"animales\" style=\"display:none;width:auto;min-width:none;max-width:600px;margin-top:40px;margin-bottom:40px;padding:40px;background:#FFFFFF;color:#333333;box-shadow:0px 0px 15px #333333;text-align:center\">\n<p><img decoding=\"async\" src=\"https:\/\/bajolalupa.news\/comienzodelfindelbosqueatlantico\/wp-content\/uploads\/Animales.png\" alt=\"Trulli\"><\/p>\n<\/div>\n\n\n\n<p>Luego est\u00e1 el acu\u00edfero Guaran\u00ed, el tercer reservorio subterr\u00e1neo de agua dulce m\u00e1s importante del mundo. El acu\u00edfero cubre partes de Brasil, Argentina, Paraguay y Uruguay. En Paraguay, 10 de los departamentos que forman parte del Bosque Atl\u00e1ntico se encuentran en el acu\u00edfero.<\/p>\n\n\n\n<p>Las \u00e1reas silvestres protegidas fueron establecidas en 1994 por el gobierno paraguayo en respuesta a la alta tasa de deforestaci\u00f3n que ya estaba ocurriendo. La idea, en principio, era crear un sistema donde la intervenci\u00f3n p\u00fablico-privada asegurar\u00eda la conservaci\u00f3n.&nbsp;&nbsp;<\/p>\n\n\n\n<p>Pero 27 a\u00f1os despu\u00e9s, la deforestaci\u00f3n contin\u00faa.<\/p>\n\n\n\n<p>Es en esta zona conocida como Bosque Atl\u00e1ntico Alto Paran\u00e1, critica para el ambiente, donde Rodr\u00edguez Teixeira se asent\u00f3 y estableci\u00f3 sus operaciones de ganader\u00eda y soja.<br><\/p>\n\n\n\n<h3 class=\"wow animate__animated animate__fadeInDown wp-block-heading\"><br>PARAGUAY, PA\u00cdS DE OPORTUNIDADES<\/h3>\n\n\n\n<p>Ulisses Rodrigues Teixeira ten\u00eda menos de 40 a\u00f1os cuando lleg\u00f3 a Paraguay a fines de la d\u00e9cada de 1990. Proven\u00eda del estado de Paran\u00e1, en el sur de Brasil, donde ya era un influyente empresario. En 1992, represent\u00f3 al gobierno brasile\u00f1o durante su 21\u00aa Misi\u00f3n Econ\u00f3mica a Jap\u00f3n. En Paran\u00e1, su familia a\u00fan tiene inversiones y empresas en el sector agr\u00edcola.<\/p>\n\n\n<div class=\"gb-container gb-container-2c98bf4d\"><div class=\"gb-inside-container\">\n<span class=\"su-lightbox\" data-mfp-src=\"#bosque\" data-mfp-type=\"inline\" data-mobile=\"yes\">\n<figure class=\"figure float-end\">\n    <img loading=\"lazy\" decoding=\"async\" src=\"https:\/\/bajolalupa.news\/comienzodelfindelbosqueatlantico\/wp-content\/uploads\/Bosque.jpg\" class=\"figure-img img-fluid rounded wow animate__animated animate__fadeInRight\" alt=\"Animales\" width=\"375\" height=\"485\"><figcaption class=\"figure-caption text-end\">Infogr\u00e1fica por Rodrigo Pujol.<\/figcaption><\/figure>\n<\/span>\n<div class=\"su-lightbox-content su-u-trim \" id=\"bosque\" style=\"display:none;width:auto;min-width:none;max-width:600px;margin-top:40px;margin-bottom:40px;padding:40px;background:#FFFFFF;color:#333333;box-shadow:0px 0px 15px #333333;text-align:center\">\n<p><img decoding=\"async\" src=\"https:\/\/bajolalupa.news\/comienzodelfindelbosqueatlantico\/wp-content\/uploads\/Bosque.jpg\" alt=\"Trulli\"><\/p>\n<\/div>\n\n<\/div><\/div>\n\n\n<p>Se instal\u00f3 entre los departamentos de San Pedro y Canindey\u00fa, pero no fue el \u00fanico empresario brasile\u00f1o que ech\u00f3 ra\u00edces en la regi\u00f3n. En esta zona de Paraguay cercana a la frontera con Brasil las inversiones tienen acento portugu\u00e9s. Para Teixeira fue como estar en casa.<\/p>\n\n\n\n<p>Los brasile\u00f1os comenzaron a llegar a Paraguay en la d\u00e9cada de 1960, atra\u00eddos por tierras cultivables baratas en la regi\u00f3n que limita con Brasil. Talaron \u00e1rboles para la agricultura a gran escala, una actividad que fue bien recibida por el gobierno nacional paraguayo como una forma de convertir tierras &#8220;improductivas&#8221; en comunidades que podr\u00eda mejorar la vida de las familias campesinas. Como para subrayar el punto, hay fotograf\u00edas de los a\u00f1os 60 y 70 e incluso de los 90 con personas posando con enormes troncos de madera nativa, reci\u00e9n cortados y cargados en camiones en regiones del Bosque Atl\u00e1ntico.<\/p>\n\n\n<div class=\"gb-container gb-container-cff4f0bc alignfull\"><div class=\"gb-inside-container\">\n\n\n<\/div><\/div>\n\n\n<p>La industria de la soja de Paraguay fue iniciada por productores brasile\u00f1os que ayudaron al pa\u00eds a convertirse actualmente en el sexto mayor productor de soja y el cuarto mayor exportador del mundo. Argentina, Brasil y Rusia son los mayores compradores de las exportaciones de soja de Paraguay, que contribuyen con el 18 por ciento del PIB del pa\u00eds.<\/p>\n\n\n\n<p>Hoy, aproximadamente el 14 por ciento de toda la tierra cultivable en Paraguay, unas 454,286 hect\u00e1reas, est\u00e1 en manos de empresarios brasile\u00f1os, seg\u00fan De Olho nos Ruralistas, una organizaci\u00f3n de investigaci\u00f3n que se enfoca en los agro negocios en Brasil. A fines de 2019, hab\u00eda 137 empresas brasile\u00f1as en Paraguay, el 32 por ciento de las empresas que operan con capital extranjero, seg\u00fan el Banco Central de Paraguay. La gran mayor\u00eda se dedica a la agricultura.<\/p>\n\n\n\n<p>En el lucrativo negocio de la soja, Rodr\u00edguez Teixeira es uno de los mayores actores de Paraguay, tanto como productor de soja como propietario que arrienda su tierra para la producci\u00f3n de soja.<\/p>\n\n\n\n<p>Rodr\u00edguez Teixeira, quien en Paraguay usa la versi\u00f3n en espa\u00f1ol de su primer nombre con una <em>s <\/em>(<em>Ulises<\/em>) y su apellido con <em>z<\/em> (<em>Rodr\u00edguez<\/em>) al final, posee al menos nueve fincas y aparece como miembro de la junta en al menos otras dos empresas vinculadas a la agroindustria.<\/p>\n\n\n\n<p>La gran cantidad de propiedades que posee es m\u00e1s de cinco veces el tama\u00f1o de Asunci\u00f3n, la capital de Paraguay. En solo cinco estancias, Rodr\u00edguez Teixeira tiene 50,534 hect\u00e1reas, todas ubicadas en el Bosque Atl\u00e1ntico.&nbsp;<\/p>\n\n\n\n<p>En muchas de las propiedades rurales que administra Rodr\u00edguez Teixeira, sus familiares tambi\u00e9n aparecen como propietarios. Por ejemplo, en los registros de INFONA, uno de los due\u00f1os de Paso Kurusu es su hija Renata Teixeira. Sus hermanos y otros familiares tambi\u00e9n aparecen como due\u00f1os de las propiedades.<\/p>\n\n\n\n<p>Los datos del catastro rural de Paraguay muestran que Rodr\u00edguez Teixeira y su familia poseen al menos 10,000 hect\u00e1reas adicionales en otras \u00e1reas de Paraguay. Las extensas propiedades de tierra ubican a Rodr\u00edguez Teixeira en el sexto lugar entre los terratenientes brasile\u00f1os en Paraguay, seg\u00fan un informe de De Olho nos Ruralistas.<\/p>\n\n\n\n<p>A pesar de sus propiedades de tierra y operaciones de soja, la mayor\u00eda de los paraguayos no conoc\u00edan a Ulises Rodr\u00edguez Teixeira. Pero eso cambi\u00f3 en octubre de 2009, cuando el peri\u00f3dico ABC Color public\u00f3 una bomba: Rodr\u00edguez Teixeira hab\u00eda cerrado un llamativo trato para vender su estancia Paso Kurusu al gobierno paraguayo.<\/p>\n\n\n\n<p>ABC Color, uno de los diarios m\u00e1s le\u00eddos del pa\u00eds, inform\u00f3 que se hab\u00eda llegado a un acuerdo entre Rodr\u00edguez Teixeira y el gobierno del entonces presidente Fernando Lugo que establec\u00eda un pago de USD $ 30 millones por la estancia Paso Kurusu.<\/p>\n\n\n\n<p>El peri\u00f3dico revel\u00f3 que Rodr\u00edguez Teixeira hab\u00eda comprado la misma propiedad un a\u00f1o antes por USD $ 11 millones. La granja se iba a vender con un margen de beneficio de USD $19 millones de d\u00f3lares.<\/p>\n\n\n\n<p>La noticia sacudi\u00f3 a Paraguay y tres a\u00f1os despu\u00e9s, en julio de 2012, el gobierno anunci\u00f3 que no comprar\u00eda la propiedad.<\/p>\n\n\n\n<p>En 2012, ocurrieron otros dos hechos notables.<\/p>\n\n\n\n<p>El mismo mes que el gobierno se retir\u00f3 de la compra de Paso Kurusu, Rodr\u00edguez Teixeira anunci\u00f3 planes para construir una f\u00e1brica de etanol en el rancho que generar\u00eda empleos y ayudar\u00eda a las comunidades ind\u00edgenas y campesinas, as\u00ed como a las peque\u00f1as escuelas rurales que rodeaban su propiedad.<\/p>\n\n\n\n<figure id=\"attachment_9963\" aria-describedby=\"caption-attachment-9963\" style=\"width: 369px\" class=\"wp-caption alignright\"><img loading=\"lazy\" decoding=\"async\" class=\"wp-image-9963 wow animate__animated animate__fadeInRight\" src=\"https:\/\/bajolalupa.news\/comienzodelfindelbosqueatlantico\/wp-content\/uploads\/COMUNIDAD-INDIGENA-VILLA-YGATYMI-0012.jpg\" alt=\"ninos\" width=\"379\" height=\"256\" srcset=\"https:\/\/bajolalupa.news\/comienzodelfindelbosqueatlantico\/wp-content\/uploads\/COMUNIDAD-INDIGENA-VILLA-YGATYMI-0012.jpg 600w, https:\/\/bajolalupa.news\/comienzodelfindelbosqueatlantico\/wp-content\/uploads\/COMUNIDAD-INDIGENA-VILLA-YGATYMI-0012-300x203.jpg 300w\" sizes=\"auto, (max-width: 379px) 100vw, 379px\" \/><figcaption id=\"caption-attachment-9963\" class=\"wp-caption-text\">Ni\u00f1os juegan en un camino de tierra en la comunidad ind\u00edgena de Villa Ygatimi en el departamento de Canindey\u00fa. Foto: P\u00e1nfilo Leguizam\u00f3n<\/figcaption><\/figure>\n\n\n\n<p>Un mes despu\u00e9s, en agosto de 2012, casi 7,000 hect\u00e1reas de bosque en la estancia Paso Kurusu fueron destruidas en un gran incendio que los bomberos y el Ministerio del Ambiente confirmaron fue intencionalmente provocado. La investigaci\u00f3n del incendio nunca result\u00f3 en la identificaci\u00f3n o el arresto de los responsables.<\/p>\n\n\n\n<p>La propuesta de la f\u00e1brica gener\u00f3 entusiasmo en San Pedro, donde se encuentra la mayor parte de la estancia Paso Kurusu. San Pedro ha sido hist\u00f3ricamente uno de los departamentos m\u00e1s pobres de Paraguay, obteniendo la poco envidiable clasificaci\u00f3n de tener el segundo nivel m\u00e1s alto de pobreza extrema en el pa\u00eds. La f\u00e1brica prometi\u00f3 generar empleo para cientos de familias. Pero pasaron los a\u00f1os y la f\u00e1brica de etanol nunca se materializ\u00f3 en Paso Kurusu.\n    <a class=\"zoom\" data-bs-toggle=\"collapse\" href=\"#collapseExample\" role=\"button\" aria-expanded=\"false\" aria-controls=\"collapseExample\">\n        <img decoding=\"async\" src=\"https:\/\/bajolalupa.news\/comienzodelfindelbosqueatlantico\/wp-content\/uploads\/plus-icon.png\">\n    <\/a>\n\n<\/p>\n\n\n\n<div class=\"collapse\" id=\"collapseExample\">\n    <div class=\"card-body\">\n\n        <div class=\"card-header\">\n        <\/div>\n\n        <h5 class=\"card-title\">Crecimiento econ\u00f3mico y reducci\u00f3n de bosques<\/h5>\n        <div class=\"card-text\">\n            <p>San Pedro, una regi\u00f3n de granjas en expansi\u00f3n y bosques en disminuci\u00f3n cerca de la frontera entre\n                Paraguay y\n                Brasil, tiene uno de los niveles m\u00e1s altos de pobreza del pa\u00eds. Sin embargo, en medio de la pobreza, San\n                Pedro\n                es un hervidero de actividad agroindustrial.\n            <\/p>\n            <p>En los \u00faltimos 20 a\u00f1os, la regi\u00f3n ha experimentado un crecimiento extraordinario en las plantaciones de\n                soja, de\n                33,700 hect\u00e1reas de soja en 2000 a 360,000 hect\u00e1reas en 2021, seg\u00fan datos del censo oficial del\n                Ministerio de\n                Agricultura.\n            <\/p>\n            <p>Lo mismo ocurre en Canindey\u00fa, el departamento vecino que limita con Brasil. La superficie utilizada para\n                las\n                plantaciones de soja y otros granos aument\u00f3 de 238,100 hect\u00e1reas en 2000 a 660,000 hect\u00e1reas este a\u00f1o.\n            <\/p>\n            <p>En una vasta extensi\u00f3n de tierra entre las regiones agr\u00edcolas de San Pedro y Canindey\u00fa, Ulises Rodr\u00edguez\n                Teixeria\n                hizo su fortuna &#8212; en tierras que formaban parte del Bosque Atl\u00e1ntico Alto Paran\u00e1, un majestuoso\n                remanente de\n                bosque nativo, rico en flora y fauna que solo es superado por el Amazonas en biodiversidad en Am\u00e9rica\n                del Sur.\n                Hoy, casi nada queda de esta verde selva tropical.\n            <\/p>\n            <p>Seg\u00fan el sistema satelital de monitoreo forestal Global Forest Watch, San Pedro y Canindey\u00fa perdieron\n                585,461\n                hect\u00e1reas de cobertura forestal desde 2001 hasta 2021.\n            <\/p>\n\n        <\/div>\n\n    <\/div>\n\n<\/div>\n\n\n\n<p>Era una \u00e9poca en la que internet a\u00fan no llegaba a un n\u00famero significativo de paraguayos y pocas personas estaban al tanto de la creciente deforestaci\u00f3n. Pero con el paso del tiempo, Ulises Rodr\u00edguez Teixeira dej\u00f3 de ser el brasile\u00f1o conocido por el \u201ccaso de Paso Kurusu\u201d y se convirti\u00f3 en el empresario brasile\u00f1o vinculado a la deforestaci\u00f3n.<\/p>\n\n\n\n<figure class=\"wp-block-image size-large\"><img loading=\"lazy\" decoding=\"async\" width=\"1024\" height=\"636\" src=\"https:\/\/bajolalupa.news\/comienzodelfindelbosqueatlantico\/wp-content\/uploads\/Teixeira_05-1024x636.jpg\" alt=\"Teixeira_05\" class=\"wp-image-6418\" srcset=\"https:\/\/bajolalupa.news\/comienzodelfindelbosqueatlantico\/wp-content\/uploads\/Teixeira_05-1024x636.jpg 1024w, https:\/\/bajolalupa.news\/comienzodelfindelbosqueatlantico\/wp-content\/uploads\/Teixeira_05-300x186.jpg 300w, https:\/\/bajolalupa.news\/comienzodelfindelbosqueatlantico\/wp-content\/uploads\/Teixeira_05-768x477.jpg 768w, https:\/\/bajolalupa.news\/comienzodelfindelbosqueatlantico\/wp-content\/uploads\/Teixeira_05-500x310.jpg 500w, https:\/\/bajolalupa.news\/comienzodelfindelbosqueatlantico\/wp-content\/uploads\/Teixeira_05-800x497.jpg 800w, https:\/\/bajolalupa.news\/comienzodelfindelbosqueatlantico\/wp-content\/uploads\/Teixeira_05-1280x794.jpg 1280w, https:\/\/bajolalupa.news\/comienzodelfindelbosqueatlantico\/wp-content\/uploads\/Teixeira_05.jpg 1450w\" sizes=\"auto, (max-width: 1024px) 100vw, 1024px\" \/><figcaption>Ulises Rodr\u00edguez Teixeira (izquierda) habla con un grupo de campesinos en una finca cerca de su propiedad. Foto: Archivo ABC Color<\/figcaption><\/figure>\n\n\n\n<p>No es casualidad que el crecimiento de Rodr\u00edguez Teixeira como terrateniente sea paralelo a la deforestaci\u00f3n en San Pedro y Canindey\u00fa. A medida que ha crecido la demanda mundial de soja, la tierra ha sido deforestada sistem\u00e1ticamente a pesar de las leyes ambientales que proh\u00edben la tala en la regi\u00f3n desde 2004.<\/p>\n\n\n\n<p>En San Pedro, Rodr\u00edguez Teixeira arrienda casi toda su estancia Paso Kurusu &#8211; unas 20,000 hect\u00e1reas &#8211; al Grupo Pereira SA, una empresa que a su vez trabaja con un grupo de agricultores para producir soja, girasoles y granos.<\/p>\n\n\n\n<p>Las tierras agr\u00edcolas en el \u00e1rea de San Pedro se arriendan por alrededor de USD $ 300 por hect\u00e1rea por a\u00f1o, dependiendo de los precios del mercado. Eso representa aproximadamente USD $ 6 millones por a\u00f1o en ingresos para Rodr\u00edguez Teixeira \u00fanicamente en la estancia Paso Kurusu. Pero los intereses comerciales de Rodr\u00edguez Teixeira se extienden m\u00e1s all\u00e1 de la ganader\u00eda y la agroindustria.<\/p>\n\n\n\n<p>Su \u00faltimo proyecto es la construcci\u00f3n de un hangar aeroportuario en Luque, a 15 kil\u00f3metros de Asunci\u00f3n, cerca del Aeropuerto Internacional Silvio Pettirossi, con capacidad para al menos una decena de aviones y helic\u00f3pteros. Seg\u00fan el Informe de Impacto Ambiental del proyecto, la obra abarca 6,060 m2 con una inversi\u00f3n inicial de USD $ 725,000.<\/p>\n\n\n\n<p>Tambi\u00e9n est\u00e1 expandiendo sus operaciones comerciales a los Estados Unidos. El 5 de agosto, Rodr\u00edguez Teixeira y varios familiares registraron una nueva empresa: Teixeira International Investment LLC en Citrus Park, Florida, una comunidad al norte de Tampa, seg\u00fan documentos presentados ante la Divisi\u00f3n de Corporaciones del Departamento de Estado de Florida.<\/p>\n\n\n\n<p>Quienes conocen a Rodr\u00edguez Teixeira dicen que tiene un enfoque pr\u00e1ctico para la operaci\u00f3n de sus estancias, que siempre est\u00e1 atento a lo que sucede en su tierra. Prefiere estar en sus campos que en la oficina. Supervisa directamente cada detalle de las operaciones.<\/p>\n\n\n\n<p>En las comunidades ind\u00edgenas cercanas a sus propiedades, Rodr\u00edguez Teixeira es visto como un feroz defensor de su tierra. Otros que lo han tratado dicen que es un hombre de negocios \u00e1gil enfocado en solucionar personalmente los problemas, especialmente cuando se trata de denuncias de violaciones ambientales. El m\u00e9todo de Rodr\u00edguez Teixeira para tratar las quejas, dicen, es r\u00e1pido y efectivo.&nbsp;<\/p>\n\n\n\n<p>Vale destacar aqu\u00ed un ejemplo: En diciembre de 2010, el Congreso Nacional aprob\u00f3 una ley que destin\u00f3 15,223 hect\u00e1reas de Paso Kurusu como \u00e1rea silvestre protegida con el objetivo de resguardar los bosques de esa propiedad.&nbsp;<\/p>\n\n\n\n<p>Rodr\u00edguez Teixeira apel\u00f3 ante la Corte Suprema y en octubre de 2013, el m\u00e1ximo tribunal del pa\u00eds declar\u00f3 inconstitucional la ley como hab\u00eda solicitado Rodr\u00edguez Teixeira. Pero la decisi\u00f3n simplemente ratific\u00f3 lo que ya se hab\u00eda hecho: la tierra hab\u00eda sido arrasada antes de que se emitiera la decisi\u00f3n de la Corte Suprema.<\/p>\n\n\n<div class=\"gb-container gb-container-7516a8bc\"><div class=\"gb-inside-container\">\n<div class=\"gb-container gb-container-08f5d4d0 alignfull\"><div class=\"gb-inside-container\"><\/div><\/div>\n\n<div class=\"gb-container gb-container-0fdcf4fd alignfull\"><div class=\"gb-inside-container\">\n\n<p><meta charset=\"utf-8\">Una de las tantas intervenciones realizadas por el Ministerio del Ambiente en la Estancia Paso Kurusu, propiedad de la familia Rodr\u00edguez Teixeira. En este caso, fue una investigaci\u00f3n abierta en el 2015. Foto: Archivo MADES.<\/p>\n\n<\/div><\/div>\n<\/div><\/div>\n\n\n<h3 class=\"wow animate__animated animate__fadeInDown wp-block-heading\">LAS DENUNCIAS, LA ESTRATEGIA<\/h3>\n\n\n\n<p>El Ministerio de Ambiente y Desarrollo Sustentable de Paraguay (MADES) ha realizado 21 investigaciones de denuncias ambientales contra Rodr\u00edguez Teixeira &#8211; 13 por posibles violaciones ambientales y ocho inspecciones. En solo ocho casos ha pagado multa, seg\u00fan datos de MADES.<\/p>\n\n\n\n<p>El Instituto Nacional Forestal (INFONA) ha realizado cinco intervenciones adicionales de 2018 a 2020 en los ranchos de Rodr\u00edguez Teixeira. Tres casos se debieron a denuncias de un cambio no autorizado en el uso de la tierra y dos casos se relacionaron con el desmonte ilegal. Todos los casos est\u00e1n bajo investigaci\u00f3n.<\/p>\n\n\n\n<p>La Fiscal\u00eda Ambiental tambi\u00e9n ha abierto ocho investigaciones, relacionadas con la tala, la deforestaci\u00f3n, el uso de la tierra y otros tipos de violaciones ambientales, a las empresas de Rodr\u00edguez Teixeira desde 2010.<\/p>\n\n\n\n<p>Dos son recientes, se abrieron en julio de 2020 y se centran en dos fincas propiedad de Rodr\u00edguez Teixeira en 10,098 hect\u00e1reas que se extienden por dos departamentos.&nbsp;La estancia&nbsp;Yby Pora, que en el idioma guaran\u00ed nativo de Paraguay significa \u201cbuena tierra\u201d, se encuentra en el&nbsp;departamento&nbsp;de San Pedro, mientras que&nbsp;la estancia&nbsp;Santa Teresa est\u00e1 en el departamento de Canindey\u00fa. Los fiscales ambientales de ambos departamentos han estado investigando la deforestaci\u00f3n de al menos 1,500 hect\u00e1reas en la propiedad desde el 15 de julio de 2020.<\/p>\n\n\n\n<figure class=\"wp-block-image size-large\"><img loading=\"lazy\" decoding=\"async\" width=\"1024\" height=\"768\" src=\"https:\/\/bajolalupa.news\/comienzodelfindelbosqueatlantico\/wp-content\/uploads\/Intervencion-Saulo-Rodriguez-2-1024x768.jpg\" alt=\"\" class=\"wp-image-8572\" srcset=\"https:\/\/bajolalupa.news\/comienzodelfindelbosqueatlantico\/wp-content\/uploads\/Intervencion-Saulo-Rodriguez-2-1024x768.jpg 1024w, https:\/\/bajolalupa.news\/comienzodelfindelbosqueatlantico\/wp-content\/uploads\/Intervencion-Saulo-Rodriguez-2-300x225.jpg 300w, https:\/\/bajolalupa.news\/comienzodelfindelbosqueatlantico\/wp-content\/uploads\/Intervencion-Saulo-Rodriguez-2-768x576.jpg 768w, https:\/\/bajolalupa.news\/comienzodelfindelbosqueatlantico\/wp-content\/uploads\/Intervencion-Saulo-Rodriguez-2.jpg 1200w\" sizes=\"auto, (max-width: 1024px) 100vw, 1024px\" \/><figcaption>En julio de 2020, la Fiscal\u00eda intervino en la estancia \u201cLa Suiza\u201d, ex \u201cSe\u00f1orita\u201d, que seg\u00fan el n\u00famero de padr\u00f3n corresponde a los propietarios de Paso Kurusu, tambi\u00e9n a nombre de la familia de Rodr\u00edguez Teixeira. All\u00ed se confirm\u00f3 que hubo tala de bosques nativos. Foto: Archivo Ministerio P\u00fablico.<\/figcaption><\/figure>\n\n\n\n<p>Al igual que la Fiscal\u00eda Ambiental, el INFONA tambi\u00e9n est\u00e1 investigando la deforestaci\u00f3n en esta propiedad de Rodr\u00edguez Teixeira.<\/p>\n\n\n\n<p>Los ind\u00edgenas de la comunidad Kavaju Paso alegan que la empresa XT Paraguay anex\u00f3 al menos 123 hect\u00e1reas pertenecientes a la comunidad a la finca Yby Pora. En una entrevista con <em>Bajo la Lupa<\/em>, Salvador Esquivel, l\u00edder de esta comunidad, afirma que la tierra reclamada fue vallada hace a\u00f1os por&nbsp;XT Paraguay,&nbsp;que est\u00e1 utilizando ese terreno ahora para plantaciones de soja.<\/p>\n\n\n\n<figure id=\"attachment_8570\" aria-describedby=\"caption-attachment-8570\" style=\"width: 370px\" class=\"wp-caption alignright\"><img loading=\"lazy\" decoding=\"async\" class=\"wp-image-8570 wow animate__animated animate__fadeInRight\" src=\"https:\/\/bajolalupa.news\/comienzodelfindelbosqueatlantico\/wp-content\/uploads\/CI_CAVAJU_PASO_01.jpg\" alt=\"CI_CAVAJU_PASO_01\" width=\"380\" height=\"253\" srcset=\"https:\/\/bajolalupa.news\/comienzodelfindelbosqueatlantico\/wp-content\/uploads\/CI_CAVAJU_PASO_01.jpg 900w, https:\/\/bajolalupa.news\/comienzodelfindelbosqueatlantico\/wp-content\/uploads\/CI_CAVAJU_PASO_01-300x200.jpg 300w, https:\/\/bajolalupa.news\/comienzodelfindelbosqueatlantico\/wp-content\/uploads\/CI_CAVAJU_PASO_01-768x512.jpg 768w\" sizes=\"auto, (max-width: 380px) 100vw, 380px\" \/><figcaption id=\"caption-attachment-8570\" class=\"wp-caption-text\">Las comunidades ind\u00edgenas son las que m\u00e1s sufren el problema de la deforestaci\u00f3n en el Bosque Atl\u00e1ntico. Muchas comunidades ind\u00edgenas han enfrentado la falta de agua por una fuerte sequ\u00eda. Foto: P\u00e1nfilo Leguizam\u00f3n<\/figcaption><\/figure>\n\n\n\n<p>Ha surgido un patr\u00f3n en las denuncias ambientales que involucran las propiedades de Rodr\u00edguez Teixeira.<\/p>\n\n\n\n<p>Primero, la tierra est\u00e1 despejada de \u00e1rboles. Si se produce una intervenci\u00f3n de las autoridades, ya sea MADES o INFONA, Rodr\u00edguez Teixeira paga la multa o acude a los tribunales y con esto se retrasa el proceso. Posteriormente, el \u00e1rea que ha sido despojada de \u00e1rboles se designa como un cambio de uso de la tierra y se utiliza para plantaciones a pesar de una ley que proh\u00edbe la actividad.&nbsp;<\/p>\n\n\n\n<p>As\u00ed sucedi\u00f3 con la estancia Paso Kurusu, donde a pesar de la deforestaci\u00f3n verificada por las autoridades a lo largo de los a\u00f1os, hoy sus tierras son usadas para plantaciones. El \u00faltimo paso es que la tierra termina siendo alquilada a terceros para la agricultura y Rodr\u00edguez Teixeira aparece en los registros gubernamentales no como un productor de soja sino como alguien que alquila tierras de cultivo.<\/p>\n\n\n\n<p>El resultado de esta estrategia, que se ha repetido una y otra vez, es que la tierra se convierte para uso agr\u00edcola y no se devuelve a su estado natural de bosque nativo.<\/p>\n\n\n\n<p>El exministro del MADES recuerda otra estrategia: Rodr\u00edguez Teixeira generalmente no cumple con los requisitos ambientales impuestos por el gobierno.<\/p>\n\n\n\n<p>Las licencias ambientales otorgadas a Rodr\u00edguez Teixeira le han obligado a reforestar las \u00e1reas que destruy\u00f3. Estas licencias ambientales se emiten para autorizar y controlar actividades como la agricultura y la instalaci\u00f3n de f\u00e1bricas para garantizar que no tengan un impacto ambiental negativo o, al menos, tengan un impacto m\u00ednimo en el medio ambiente.<\/p>\n\n\n\n<p>&#8220;Para renovar sus licencias, el se compromet\u00eda a recomponer con especies nativas las \u00e1reas afectadas, cosa que nunca cumpli\u00f3&#8221;, dice de Barros Barreto.<\/p>\n\n\n<span class=\"su-lightbox\" data-mfp-src=\"#fiscalizaciones\" data-mfp-type=\"inline\" data-mobile=\"yes\">\n<figure class=\"figure float-end\">\n    <img loading=\"lazy\" decoding=\"async\" src=\"https:\/\/bajolalupa.news\/comienzodelfindelbosqueatlantico\/wp-content\/uploads\/Intervenciones-y-fiscalizaciones.png\" class=\"figure-img img-fluid rounded wow animate__animated animate__fadeInRight\" alt=\"fiscalizaciones\" width=\"375\" height=\"485\"><figcaption class=\"figure-caption text-end\">Infogr\u00e1fica por Rodrigo Pujol.<\/figcaption><\/figure>\n<\/span>\n<div class=\"su-lightbox-content su-u-trim \" id=\"fiscalizaciones\" style=\"display:none;width:auto;min-width:none;max-width:600px;margin-top:40px;margin-bottom:40px;padding:40px;background:#FFFFFF;color:#333333;box-shadow:0px 0px 15px #333333;text-align:center\">\n<p><img decoding=\"async\" src=\"https:\/\/bajolalupa.news\/comienzodelfindelbosqueatlantico\/wp-content\/uploads\/Intervenciones-y-fiscalizaciones.png\" alt=\"Trulli\"><\/p>\n<\/div>\n\n\n\n<p>Julio Mareco, director de inspecci\u00f3n de MADES, se\u00f1ala que desde que comenz\u00f3 a trabajar en el Ministerio en 2004, no recuerda a otro empresario que haya sido foco de tantas denuncias o investigaciones.<\/p>\n\n\n\n<p>\u201cTenemos varios sumarios donde las investigaciones han determinado que infringi\u00f3 las leyes ambientales de este pa\u00eds\u201d, Mareco dice en una entrevista. \u201cEl infractor ambiental es aquel que cambia las condiciones naturales de un terreno. Y eso ha sido comprobado en varios de los sumarios abiertos contra las empresas Teixeira\u201d, expone Mareco.&nbsp;<\/p>\n\n\n\n<p>Los funcionarios ambientales paraguayos del pasado y del presente han conocido las persistentes acusaciones de violaciones ambientales que iban surgiendo contra Rodr\u00edguez Teixeira con el paso de los a\u00f1os.&nbsp;<\/p>\n\n\n\n<p>Mar\u00eda Cristina Morales, exministra de Medio Ambiente, recuerda haber ido \u201ca una estancia en Santa Rosa del Aguaray, San Pedro, (en 2014) donde hab\u00edamos recibido una denuncia por deforestaci\u00f3n de bosques nativos. Llegamos y comprobamos el caso. Los tractores todav\u00eda estaban all\u00ed &#8220;.<\/p>\n\n\n\n<p>Morales recuerda detener a un miembro del personal que trabajaba en la estancia y preguntar qui\u00e9n estaba a cargo. El empleado le dijo que &#8220;la propiedad pertenec\u00eda a Ulises Rodr\u00edguez Teixeira&#8221;.<\/p>\n\n\n<div class=\"gb-container gb-container-6c057ea1\"><div class=\"gb-inside-container\">\n<div class=\"gb-container gb-container-11b33ae3 alignfull\"><div class=\"gb-inside-container\"><\/div><\/div>\n\n<div class=\"gb-container gb-container-992800b2 alignfull\"><div class=\"gb-inside-container\">\n\n<p>Una de las entradas a la estancia Aparay, de la familia Rodr\u00edguez Teixeira. En pleno coraz\u00f3n del Bosque Atl\u00e1ntico, esta propiedad de casi 5.300 hect\u00e1reas es utilizada para la agricultura mecanizada, casi en su totalidad. Foto: P\u00e1nfilo Leguizam\u00f3n<\/p>\n\n<\/div><\/div>\n<\/div><\/div>\n\n\n<p><em>Bajo la Lupa<\/em> ha realizado repetidos intentos desde el 2 de agosto de contactar a Rodr\u00edguez Teixeira para este informe. Representantes de su empresa, XT Paraguay, dijeron en respuesta a solicitudes telef\u00f3nicas para una entrevista que el abogado de Rodr\u00edguez Teixeira, Bader Rafael Torres, es la \u00fanica persona autorizada para hablar en su nombre.<\/p>\n\n\n\n<p>Desde hace casi un mes, con un intervalo de cada dos o tres d\u00edas, <em>Bajo la Lupa<\/em> se ha puesto en contacto con Torres sobre este reportaje, ya sea por tel\u00e9fono o por mensajes de WhatsApp.<\/p>\n\n\n\n<p>En Consultora Alta Vista SA, donde Torres figura como uno de los socios, el personal del bufete de abogados dijo que Rodr\u00edguez Teixeira se comunicar\u00eda con <em>Bajo la Lupa<\/em> cuando estuviera disponible para una entrevista. Hasta la fecha, no se ha puesto en contacto con este reportero.<\/p>\n\n\n\n<figure class=\"wp-block-image size-large\"><img loading=\"lazy\" decoding=\"async\" width=\"1024\" height=\"636\" src=\"https:\/\/bajolalupa.news\/comienzodelfindelbosqueatlantico\/wp-content\/uploads\/TEIXEIRA_01-1024x636.jpg\" alt=\"TEIXEIRA_01\" class=\"wp-image-6414\" srcset=\"https:\/\/bajolalupa.news\/comienzodelfindelbosqueatlantico\/wp-content\/uploads\/TEIXEIRA_01-1024x636.jpg 1024w, https:\/\/bajolalupa.news\/comienzodelfindelbosqueatlantico\/wp-content\/uploads\/TEIXEIRA_01-300x186.jpg 300w, https:\/\/bajolalupa.news\/comienzodelfindelbosqueatlantico\/wp-content\/uploads\/TEIXEIRA_01-768x477.jpg 768w, https:\/\/bajolalupa.news\/comienzodelfindelbosqueatlantico\/wp-content\/uploads\/TEIXEIRA_01-500x310.jpg 500w, https:\/\/bajolalupa.news\/comienzodelfindelbosqueatlantico\/wp-content\/uploads\/TEIXEIRA_01-800x497.jpg 800w, https:\/\/bajolalupa.news\/comienzodelfindelbosqueatlantico\/wp-content\/uploads\/TEIXEIRA_01-1280x794.jpg 1280w, https:\/\/bajolalupa.news\/comienzodelfindelbosqueatlantico\/wp-content\/uploads\/TEIXEIRA_01.jpg 1450w\" sizes=\"auto, (max-width: 1024px) 100vw, 1024px\" \/><figcaption>Ulises Rodr\u00edguez Teixeira (izquierda) en una foto de archivo de 2011 con su abogado en ese momento, Eugenio Pereira, durante una de sus audiencias en la entonces sede del Poder Judicial de Santa Rosa del Aguaray en el departamento de San Pedro. Foto: Cristino Peralta \/ ABC Color<\/figcaption><\/figure>\n\n\n\n<p>En los c\u00edrculos ambientales, \u201cRodr\u00edguez Teixeira es un nombre emblem\u00e1tico para nosotros\u201d, dice Oscar Rodas, director del Fondo Mundial para la Naturaleza-Paraguay (WWF-Paraguay). \u201cHace 21 a\u00f1os que venimos denunciando la deforestaci\u00f3n en diversas propiedades de este empresario\u201d.<\/p>\n\n\n\n<p>Rodas se\u00f1ala que la deforestaci\u00f3n de \u00e1reas como Paso Kurusu altera significativamente el ecosistema de la regi\u00f3n. Pero a pesar de la documentaci\u00f3n de da\u00f1os ambientales, la maquinaria de desmontar \u00e1rboles en las propiedades de Rodr\u00edguez Teixeira nunca se ha detenido.<\/p>\n\n\n\n<h3 class=\"wow animate__animated animate__fadeInDown wp-block-heading\">TERRITORIO FERTIL<\/h3>\n\n\n\n<p>En Paraguay, solo hay 12 fiscales especializados en delitos ambientales. En localidades como Canindey\u00fa o San Pedro, solo dos agentes responden a todas las denuncias. Adem\u00e1s, en ocasiones tienen que atender otras denuncias no relacionadas con delitos ambientales.<\/p>\n\n\n\n<p>N\u00e9stor Narv\u00e1ez es el \u00fanico fiscal encargado de manejar todos los casos ambientales en el departamento de San Pedro, que es pr\u00e1cticamente del tama\u00f1o de Israel. Tambi\u00e9n es una regi\u00f3n que tiene constantes conflictos y denuncias por deforestaci\u00f3n y otros delitos ambientales.<\/p>\n\n\n\n<p>Pero eso no es todo. Narv\u00e1ez debe atender Delitos Civiles, de Ni\u00f1ez y Adolescencia y Econ\u00f3micos en la ciudad de Santa Rosa, a 77 kil\u00f3metros de la capital del departamento. \u201cTengo m\u00ednimo uno o dos juicios orales a la semana, audiencias preliminares tres o cuatro por d\u00eda en Santa Rosa. Entonces procuramos atender todas las denuncias que nos llegan \u201d, dice Narv\u00e1ez,\u201c las m\u00e1s urgentes al menos \u201d.<\/p>\n\n\n\n<p>Solo hay 11 fiscales que realizan investigaciones sobre deforestaci\u00f3n y otros delitos ambientales en los 10 distritos que componen el Bosque Atl\u00e1ntico.<\/p>\n\n\n\n<p>En tanto, en MADES, 15 inspectores deben atender todo tipo de denuncias por delitos ambientales, no solo las relacionadas con el desmonte o deforestaci\u00f3n a nivel nacional.<\/p>\n\n\n\n<p>El Departamento de Bosques y Asuntos Ambientales (DEBOA) de la Polic\u00eda Nacional est\u00e1 ubicado en la ciudad de Capiat\u00e1, a 250 kil\u00f3metros del Bosque Atl\u00e1ntico. La oficina est\u00e1 equipada con una camioneta y ocho agentes para cubrir las quejas que recibe de todo el pa\u00eds.<\/p>\n\n\n\n<p>Para agravar el problema, 2021 es el segundo a\u00f1o consecutivo en que el Congreso Nacional ha recortado el presupuesto anual de USD $ 4.4 millones de MADES. Los funcionarios de MADES dicen que no hay fondos para contratar personal adicional.<\/p>\n\n\n\n<p>Tambi\u00e9n hay una falta de jueces especializados en derecho ambiental, lo que a menudo significa que las determinaciones judiciales finales no se basan en preocupaciones ambientales.<\/p>\n\n\n\n<p>En Paraguay las regulaciones ambientales parecen estrictas y parecidas en comparaci\u00f3n con pa\u00edses vecinos. El problema est\u00e1 en la aplicaci\u00f3n de las sanciones. En otras palabras, impunidad.<\/p>\n\n\n\n<h3 class=\"wow animate__animated animate__fadeInDown wp-block-heading\">EL COMIENZO DEL FIN DEL BOSQUE<\/h3>\n\n\n\n<p>Rodas, director del WWF-Paraguay, cree que se ha perdido una gran oportunidad para crear un gran proyecto forestal sostenible en Paraguay.<\/p>\n\n\n\n<p>La regi\u00f3n oriental de Paraguay tuvo una vez 5,600,000 hect\u00e1reas de bosques, un \u00e1rea igual a la de Croacia, seg\u00fan un informe de la Universidad Nacional de Asunci\u00f3n. Hoy, solo quedan menos de 2,000,000 de hect\u00e1reas.<\/p>\n\n\n<div class=\"gb-container gb-container-679b85f2\"><div class=\"gb-inside-container\">\n<div class=\"gb-container gb-container-e6a4bb2d alignfull\"><div class=\"gb-inside-container\"><\/div><\/div>\n\n<div class=\"gb-container gb-container-635a6b3a alignfull\"><div class=\"gb-inside-container\">\n\n<p>Un \u00e1rbol solitario se encuentra en un campo de soja en lo que una vez fue el Bosque Atl\u00e1ntico. En los \u00faltimos 10 a\u00f1os, se ha talado el 85 por ciento del bosque.&nbsp;<em>Foto: Alamy<\/em><\/p>\n\n<\/div><\/div>\n<\/div><\/div>\n\n\n<p>La p\u00e9rdida de la biodiversidad y un sistema forestal sostenido es insustituible.<\/p>\n\n\n\n<p>\u201cPodr\u00eda estar produciendo alrededor de $20 millones de d\u00f3lares al a\u00f1o, solo con el valor de la madera. Con un crecimiento sostenido, con un sistema para evitar la deforestaci\u00f3n, el bosque productivo es mucho m\u00e1s valioso\u201d, dice Rodas. &#8220;Hemos perdido demasiado. Es hora de encontrar formas de evitar seguir destruyendo, de apuntar a un sistema que pueda ser sostenible&#8221;.<\/p>\n\n\n\n<p>WWF se ha cansado de informar sobre el desmonte de tierras en Paraguay, gran parte de propiedad de Rodr\u00edguez Teixeira.<\/p>\n\n\n\n<p>Julio Mareco, director de inspecci\u00f3n de MADES, dice que despu\u00e9s de 17 a\u00f1os de emprender acciones legales tras acciones legales para detener la deforestaci\u00f3n, \u00e9l tambi\u00e9n se est\u00e1 cansando. Est\u00e1 cansado de realizar intervenciones legales en la tierra de Rodr\u00edguez Teixeira y ver que esos esfuerzos no han dado frutos en la restauraci\u00f3n del Bosque Atl\u00e1ntico.<br><\/p>\n\n\n\n<p>A medida que desaparecen m\u00e1s y m\u00e1s \u00e1rboles con cada a\u00f1o que pasa, Mareco y otros que han trabajado para proteger el bosque est\u00e1n atormentados por un pensamiento inquietante. Si la deforestaci\u00f3n contin\u00faa sin control, Paraguay terminar\u00e1 perdiendo su bosque y la regi\u00f3n oriental quedar\u00e1 completamente desnuda.<\/p>\n\n<\/div><\/div>\n<\/div><\/div>\n\n<div class=\"gb-container gb-container-9f35faad\"><div class=\"gb-inside-container\">\n<div class=\"pt-cv-wrapper\"><div class=\"pt-cv-view pt-cv-grid pt-cv-colsys\" id=\"pt-cv-view-418b54busg\"><div data-id=\"pt-cv-page-1\" class=\"pt-cv-page\" data-cvc=\"3\"><div class=\"col-md-4 col-sm-6 col-xs-12 pt-cv-content-item pt-cv-1-col\" ><div class='pt-cv-ifield'><a href=\"https:\/\/bajolalupa.news\/comienzodelfindelbosqueatlantico\/paso-kurusu\/\" class=\"_self pt-cv-href-thumbnail pt-cv-thumb-default\" target=\"_self\" ><img loading=\"lazy\" decoding=\"async\" width=\"300\" height=\"186\" src=\"https:\/\/bajolalupa.news\/comienzodelfindelbosqueatlantico\/wp-content\/uploads\/TEIXEIRA_04-300x186.jpg\" class=\"pt-cv-thumbnail\" alt=\"TEIXEIRA_04\" \/><\/a>\n<h3 class=\"pt-cv-title\"><a href=\"https:\/\/bajolalupa.news\/comienzodelfindelbosqueatlantico\/paso-kurusu\/\" class=\"_self\" target=\"_self\" >Paso Kurusu<\/a><\/h3>\n<div class=\"pt-cv-content\">Una foto hist\u00f3rica. En octubre de 2008, en la casa presidencial, Ulises Rodr\u00edguez Teixeira (centro) es recibido junto a Eulalio ...<br \/><div class=\"pt-cv-rmwrap\"><a href=\"https:\/\/bajolalupa.news\/comienzodelfindelbosqueatlantico\/paso-kurusu\/\" class=\"_self pt-cv-readmore btn btn-success\" target=\"_self\">CONTINUAR<\/a><\/div><\/div><\/div><\/div>\n<div class=\"col-md-4 col-sm-6 col-xs-12 pt-cv-content-item pt-cv-1-col\" ><div class='pt-cv-ifield'><a href=\"https:\/\/bajolalupa.news\/comienzodelfindelbosqueatlantico\/mar-de-deforestacion\/\" class=\"_self pt-cv-href-thumbnail pt-cv-thumb-default\" target=\"_self\" ><img loading=\"lazy\" decoding=\"async\" width=\"225\" height=\"300\" src=\"https:\/\/bajolalupa.news\/comienzodelfindelbosqueatlantico\/wp-content\/uploads\/TEIXEIRA_MERELES_02-225x300.jpg\" class=\"pt-cv-thumbnail\" alt=\"TEIXEIRA_MERELES_02\" \/><\/a>\n<h3 class=\"pt-cv-title\"><a href=\"https:\/\/bajolalupa.news\/comienzodelfindelbosqueatlantico\/mar-de-deforestacion\/\" class=\"_self\" target=\"_self\" >Mar de Deforestaci\u00f3n<\/a><\/h3>\n<div class=\"pt-cv-content\">La deforestaci\u00f3n que se ha generado en la regi\u00f3n Oriental afecta directamente al Bosque Atl\u00e1ntico del Alto Paran\u00e1. Una de ...<br \/><div class=\"pt-cv-rmwrap\"><a href=\"https:\/\/bajolalupa.news\/comienzodelfindelbosqueatlantico\/mar-de-deforestacion\/\" class=\"_self pt-cv-readmore btn btn-success\" target=\"_self\">CONTINUAR<\/a><\/div><\/div><\/div><\/div>\n<div class=\"col-md-4 col-sm-6 col-xs-12 pt-cv-content-item pt-cv-1-col\" ><div class='pt-cv-ifield'><a href=\"https:\/\/bajolalupa.news\/comienzodelfindelbosqueatlantico\/8-de-diciembre\/\" class=\"_self pt-cv-href-thumbnail pt-cv-thumb-default\" target=\"_self\" ><img loading=\"lazy\" decoding=\"async\" width=\"300\" height=\"225\" src=\"https:\/\/bajolalupa.news\/comienzodelfindelbosqueatlantico\/wp-content\/uploads\/Intervencion_Mades_8_de_Diciembre-300x225.jpg\" class=\"pt-cv-thumbnail\" alt=\"Intervencion_Mades_8_de_Diciembre\" \/><\/a>\n<h3 class=\"pt-cv-title\"><a href=\"https:\/\/bajolalupa.news\/comienzodelfindelbosqueatlantico\/8-de-diciembre\/\" class=\"_self\" target=\"_self\" >David contra Goliat<\/a><\/h3>\n<div class=\"pt-cv-content\">Desde arriba, la imagen es elocuente. El arroyo est\u00e1 bloqueado para dar paso a los dos canales de agua hasta ...<br \/><div class=\"pt-cv-rmwrap\"><a href=\"https:\/\/bajolalupa.news\/comienzodelfindelbosqueatlantico\/8-de-diciembre\/\" class=\"_self pt-cv-readmore btn btn-success\" target=\"_self\">CONTINUAR<\/a><\/div><\/div><\/div><\/div><\/div><\/div><\/div>\n\n<\/div><\/div>\n\n<div class=\"gb-container gb-container-5f90f02c\"><div class=\"gb-inside-container\">\n\n<iframe loading=\"lazy\" width=\"900\" height=\"506.25\" src=\"https:\/\/www.youtube.com\/embed\/r8ncDvF537A\" title=\"YouTube video player\" frameborder=\"0\" allow=\"accelerometer; autoplay; clipboard-write; encrypted-media; gyroscope; picture-in-picture\" allowfullscreen=\"\"><\/iframe>\n\n<\/div><\/div>","protected":false},"excerpt":{"rendered":"<p>Nota de la editora: Este informe se basa en documentos y datos p\u00fablicos y privados, as\u00ed como entrevistas con casi dos docenas de personas, incluidos funcionarios y exfuncionarios ambientales del gobierno, economistas, bi\u00f3logos, ind\u00edgenas, acad\u00e9micos, t\u00e9cnicos e investigadores que han sido testigos de la deforestaci\u00f3n en la regi\u00f3n oriental de Paraguay y las razones por &#8230; <a title=\"Home-Espanol\" class=\"read-more\" href=\"https:\/\/bajolalupa.news\/comienzodelfindelbosqueatlantico\/home-espanol\/\" aria-label=\"Read more about Home-Espanol\">Read more<\/a><\/p>\n","protected":false},"author":1,"featured_media":0,"parent":0,"menu_order":0,"comment_status":"closed","ping_status":"closed","template":"","meta":{"footnotes":""},"class_list":["post-684","page","type-page","status-publish"],"yoast_head":"<!-- This site is optimized with the Yoast SEO plugin v27.4 - https:\/\/yoast.com\/product\/yoast-seo-wordpress\/ -->\n<title>Home-Espanol &#8212; EL COMIENZO DEL FIN DEL BOSQUE ATL\u00c1NTICO<\/title>\n<meta name=\"robots\" content=\"index, follow, max-snippet:-1, max-image-preview:large, max-video-preview:-1\" \/>\n<link rel=\"canonical\" href=\"https:\/\/bajolalupa.news\/comienzodelfindelbosqueatlantico\/home-espanol\/\" \/>\n<meta property=\"og:locale\" content=\"en_US\" \/>\n<meta property=\"og:type\" content=\"article\" \/>\n<meta property=\"og:title\" content=\"EL COMIENZO DEL FIN DEL BOSQUE ATL\u00c1NTICO\" \/>\n<meta property=\"og:description\" content=\"La regi\u00f3n Oriental de Paraguay alberga el Bosque Atl\u00e1ntico, un ecosistema vital de especies \u00fanicas de plantas y animales, solo superado por el Amazonas y una de las \u00e1reas naturales m\u00e1s ricas del planeta. Pero cada a\u00f1o la deforestaci\u00f3n destruye miles de hect\u00e1reas de bosques en la regi\u00f3n, afectando a comunidades enteras y devastando la fauna y la flora. En medio de esta destrucci\u00f3n ambiental se encuentra el agroempresario brasile\u00f1o Ulises Rodr\u00edguez Teixeira.\" \/>\n<meta property=\"og:url\" content=\"https:\/\/bajolalupa.news\/comienzodelfindelbosqueatlantico\/home-espanol\/\" \/>\n<meta property=\"og:site_name\" content=\"EL COMIENZO DEL FIN DEL BOSQUE ATL\u00c1NTICO\" \/>\n<meta property=\"article:modified_time\" content=\"2021-12-17T18:23:49+00:00\" \/>\n<meta property=\"og:image\" content=\"https:\/\/bajolalupa.news\/comienzodelfindelbosqueatlantico\/wp-content\/uploads\/Tree-trunk-social.jpg\" \/>\n\t<meta property=\"og:image:width\" content=\"900\" \/>\n\t<meta property=\"og:image:height\" content=\"550\" \/>\n\t<meta property=\"og:image:type\" content=\"image\/jpeg\" \/>\n<meta name=\"twitter:card\" content=\"summary_large_image\" \/>\n<meta name=\"twitter:title\" content=\"EL COMIENZO DEL FIN DEL BOSQUE ATL\u00c1NTICO\" \/>\n<meta name=\"twitter:description\" content=\"La regi\u00f3n Oriental de Paraguay alberga el Bosque Atl\u00e1ntico, un ecosistema vital de especies \u00fanicas de plantas y animales, solo superado por el Amazonas y una de las \u00e1reas naturales m\u00e1s ricas del planeta. Pero cada a\u00f1o la deforestaci\u00f3n destruye miles de hect\u00e1reas de bosques en la regi\u00f3n, afectando a comunidades enteras y devastando la fauna y la flora. En medio de esta destrucci\u00f3n ambiental se encuentra el agroempresario brasile\u00f1o Ulises Rodr\u00edguez Teixeira.\" \/>\n<meta name=\"twitter:image\" content=\"https:\/\/bajolalupa.news\/comienzodelfindelbosqueatlantico\/wp-content\/uploads\/Tree-trunk-social.jpg\" \/>\n<meta name=\"twitter:label1\" content=\"Est. reading time\" \/>\n\t<meta name=\"twitter:data1\" content=\"24 minutes\" \/>\n<script type=\"application\/ld+json\" class=\"yoast-schema-graph\">{\"@context\":\"https:\\\/\\\/schema.org\",\"@graph\":[{\"@type\":\"WebPage\",\"@id\":\"https:\\\/\\\/bajolalupa.news\\\/comienzodelfindelbosqueatlantico\\\/home-espanol\\\/\",\"url\":\"https:\\\/\\\/bajolalupa.news\\\/comienzodelfindelbosqueatlantico\\\/home-espanol\\\/\",\"name\":\"Home-Espanol &#8212; EL COMIENZO DEL FIN DEL BOSQUE ATL\u00c1NTICO\",\"isPartOf\":{\"@id\":\"https:\\\/\\\/bajolalupa.news\\\/comienzodelfindelbosqueatlantico\\\/#website\"},\"primaryImageOfPage\":{\"@id\":\"https:\\\/\\\/bajolalupa.news\\\/comienzodelfindelbosqueatlantico\\\/home-espanol\\\/#primaryimage\"},\"image\":{\"@id\":\"https:\\\/\\\/bajolalupa.news\\\/comienzodelfindelbosqueatlantico\\\/home-espanol\\\/#primaryimage\"},\"thumbnailUrl\":\"https:\\\/\\\/bajolalupa.news\\\/comienzodelfindelbosqueatlantico\\\/wp-content\\\/uploads\\\/Aldo-Benitez.jpg\",\"datePublished\":\"2021-11-12T03:49:20+00:00\",\"dateModified\":\"2021-12-17T18:23:49+00:00\",\"breadcrumb\":{\"@id\":\"https:\\\/\\\/bajolalupa.news\\\/comienzodelfindelbosqueatlantico\\\/home-espanol\\\/#breadcrumb\"},\"inLanguage\":\"en-US\",\"potentialAction\":[{\"@type\":\"ReadAction\",\"target\":[\"https:\\\/\\\/bajolalupa.news\\\/comienzodelfindelbosqueatlantico\\\/home-espanol\\\/\"]}]},{\"@type\":\"ImageObject\",\"inLanguage\":\"en-US\",\"@id\":\"https:\\\/\\\/bajolalupa.news\\\/comienzodelfindelbosqueatlantico\\\/home-espanol\\\/#primaryimage\",\"url\":\"https:\\\/\\\/bajolalupa.news\\\/comienzodelfindelbosqueatlantico\\\/wp-content\\\/uploads\\\/Aldo-Benitez.jpg\",\"contentUrl\":\"https:\\\/\\\/bajolalupa.news\\\/comienzodelfindelbosqueatlantico\\\/wp-content\\\/uploads\\\/Aldo-Benitez.jpg\",\"width\":900,\"height\":899},{\"@type\":\"BreadcrumbList\",\"@id\":\"https:\\\/\\\/bajolalupa.news\\\/comienzodelfindelbosqueatlantico\\\/home-espanol\\\/#breadcrumb\",\"itemListElement\":[{\"@type\":\"ListItem\",\"position\":1,\"name\":\"Home\",\"item\":\"https:\\\/\\\/bajolalupa.news\\\/comienzodelfindelbosqueatlantico\\\/\"},{\"@type\":\"ListItem\",\"position\":2,\"name\":\"Home-Espanol\"}]},{\"@type\":\"WebSite\",\"@id\":\"https:\\\/\\\/bajolalupa.news\\\/comienzodelfindelbosqueatlantico\\\/#website\",\"url\":\"https:\\\/\\\/bajolalupa.news\\\/comienzodelfindelbosqueatlantico\\\/\",\"name\":\"EL COMIENZO DEL FIN DEL BOSQUE ATL\u00c1NTICO\",\"description\":\"Just another WordPress site\",\"publisher\":{\"@id\":\"https:\\\/\\\/bajolalupa.news\\\/comienzodelfindelbosqueatlantico\\\/#organization\"},\"potentialAction\":[{\"@type\":\"SearchAction\",\"target\":{\"@type\":\"EntryPoint\",\"urlTemplate\":\"https:\\\/\\\/bajolalupa.news\\\/comienzodelfindelbosqueatlantico\\\/?s={search_term_string}\"},\"query-input\":{\"@type\":\"PropertyValueSpecification\",\"valueRequired\":true,\"valueName\":\"search_term_string\"}}],\"inLanguage\":\"en-US\"},{\"@type\":\"Organization\",\"@id\":\"https:\\\/\\\/bajolalupa.news\\\/comienzodelfindelbosqueatlantico\\\/#organization\",\"name\":\"InquireFirst\",\"url\":\"https:\\\/\\\/bajolalupa.news\\\/comienzodelfindelbosqueatlantico\\\/\",\"logo\":{\"@type\":\"ImageObject\",\"inLanguage\":\"en-US\",\"@id\":\"https:\\\/\\\/bajolalupa.news\\\/comienzodelfindelbosqueatlantico\\\/#\\\/schema\\\/logo\\\/image\\\/\",\"url\":\"https:\\\/\\\/bajolalupa.news\\\/comienzodelfindelbosqueatlantico\\\/wp-content\\\/uploads\\\/IF-Logo-Stacked-color.png\",\"contentUrl\":\"https:\\\/\\\/bajolalupa.news\\\/comienzodelfindelbosqueatlantico\\\/wp-content\\\/uploads\\\/IF-Logo-Stacked-color.png\",\"width\":500,\"height\":206,\"caption\":\"InquireFirst\"},\"image\":{\"@id\":\"https:\\\/\\\/bajolalupa.news\\\/comienzodelfindelbosqueatlantico\\\/#\\\/schema\\\/logo\\\/image\\\/\"}}]}<\/script>\n<!-- \/ Yoast SEO plugin. -->","yoast_head_json":{"title":"Home-Espanol &#8212; EL COMIENZO DEL FIN DEL BOSQUE ATL\u00c1NTICO","robots":{"index":"index","follow":"follow","max-snippet":"max-snippet:-1","max-image-preview":"max-image-preview:large","max-video-preview":"max-video-preview:-1"},"canonical":"https:\/\/bajolalupa.news\/comienzodelfindelbosqueatlantico\/home-espanol\/","og_locale":"en_US","og_type":"article","og_title":"EL COMIENZO DEL FIN DEL BOSQUE ATL\u00c1NTICO","og_description":"La regi\u00f3n Oriental de Paraguay alberga el Bosque Atl\u00e1ntico, un ecosistema vital de especies \u00fanicas de plantas y animales, solo superado por el Amazonas y una de las \u00e1reas naturales m\u00e1s ricas del planeta. Pero cada a\u00f1o la deforestaci\u00f3n destruye miles de hect\u00e1reas de bosques en la regi\u00f3n, afectando a comunidades enteras y devastando la fauna y la flora. En medio de esta destrucci\u00f3n ambiental se encuentra el agroempresario brasile\u00f1o Ulises Rodr\u00edguez Teixeira.","og_url":"https:\/\/bajolalupa.news\/comienzodelfindelbosqueatlantico\/home-espanol\/","og_site_name":"EL COMIENZO DEL FIN DEL BOSQUE ATL\u00c1NTICO","article_modified_time":"2021-12-17T18:23:49+00:00","og_image":[{"width":900,"height":550,"url":"https:\/\/bajolalupa.news\/comienzodelfindelbosqueatlantico\/wp-content\/uploads\/Tree-trunk-social.jpg","type":"image\/jpeg"}],"twitter_card":"summary_large_image","twitter_title":"EL COMIENZO DEL FIN DEL BOSQUE ATL\u00c1NTICO","twitter_description":"La regi\u00f3n Oriental de Paraguay alberga el Bosque Atl\u00e1ntico, un ecosistema vital de especies \u00fanicas de plantas y animales, solo superado por el Amazonas y una de las \u00e1reas naturales m\u00e1s ricas del planeta. Pero cada a\u00f1o la deforestaci\u00f3n destruye miles de hect\u00e1reas de bosques en la regi\u00f3n, afectando a comunidades enteras y devastando la fauna y la flora. En medio de esta destrucci\u00f3n ambiental se encuentra el agroempresario brasile\u00f1o Ulises Rodr\u00edguez Teixeira.","twitter_image":"https:\/\/bajolalupa.news\/comienzodelfindelbosqueatlantico\/wp-content\/uploads\/Tree-trunk-social.jpg","twitter_misc":{"Est. reading time":"24 minutes"},"schema":{"@context":"https:\/\/schema.org","@graph":[{"@type":"WebPage","@id":"https:\/\/bajolalupa.news\/comienzodelfindelbosqueatlantico\/home-espanol\/","url":"https:\/\/bajolalupa.news\/comienzodelfindelbosqueatlantico\/home-espanol\/","name":"Home-Espanol &#8212; EL COMIENZO DEL FIN DEL BOSQUE ATL\u00c1NTICO","isPartOf":{"@id":"https:\/\/bajolalupa.news\/comienzodelfindelbosqueatlantico\/#website"},"primaryImageOfPage":{"@id":"https:\/\/bajolalupa.news\/comienzodelfindelbosqueatlantico\/home-espanol\/#primaryimage"},"image":{"@id":"https:\/\/bajolalupa.news\/comienzodelfindelbosqueatlantico\/home-espanol\/#primaryimage"},"thumbnailUrl":"https:\/\/bajolalupa.news\/comienzodelfindelbosqueatlantico\/wp-content\/uploads\/Aldo-Benitez.jpg","datePublished":"2021-11-12T03:49:20+00:00","dateModified":"2021-12-17T18:23:49+00:00","breadcrumb":{"@id":"https:\/\/bajolalupa.news\/comienzodelfindelbosqueatlantico\/home-espanol\/#breadcrumb"},"inLanguage":"en-US","potentialAction":[{"@type":"ReadAction","target":["https:\/\/bajolalupa.news\/comienzodelfindelbosqueatlantico\/home-espanol\/"]}]},{"@type":"ImageObject","inLanguage":"en-US","@id":"https:\/\/bajolalupa.news\/comienzodelfindelbosqueatlantico\/home-espanol\/#primaryimage","url":"https:\/\/bajolalupa.news\/comienzodelfindelbosqueatlantico\/wp-content\/uploads\/Aldo-Benitez.jpg","contentUrl":"https:\/\/bajolalupa.news\/comienzodelfindelbosqueatlantico\/wp-content\/uploads\/Aldo-Benitez.jpg","width":900,"height":899},{"@type":"BreadcrumbList","@id":"https:\/\/bajolalupa.news\/comienzodelfindelbosqueatlantico\/home-espanol\/#breadcrumb","itemListElement":[{"@type":"ListItem","position":1,"name":"Home","item":"https:\/\/bajolalupa.news\/comienzodelfindelbosqueatlantico\/"},{"@type":"ListItem","position":2,"name":"Home-Espanol"}]},{"@type":"WebSite","@id":"https:\/\/bajolalupa.news\/comienzodelfindelbosqueatlantico\/#website","url":"https:\/\/bajolalupa.news\/comienzodelfindelbosqueatlantico\/","name":"EL COMIENZO DEL FIN DEL BOSQUE ATL\u00c1NTICO","description":"Just another WordPress site","publisher":{"@id":"https:\/\/bajolalupa.news\/comienzodelfindelbosqueatlantico\/#organization"},"potentialAction":[{"@type":"SearchAction","target":{"@type":"EntryPoint","urlTemplate":"https:\/\/bajolalupa.news\/comienzodelfindelbosqueatlantico\/?s={search_term_string}"},"query-input":{"@type":"PropertyValueSpecification","valueRequired":true,"valueName":"search_term_string"}}],"inLanguage":"en-US"},{"@type":"Organization","@id":"https:\/\/bajolalupa.news\/comienzodelfindelbosqueatlantico\/#organization","name":"InquireFirst","url":"https:\/\/bajolalupa.news\/comienzodelfindelbosqueatlantico\/","logo":{"@type":"ImageObject","inLanguage":"en-US","@id":"https:\/\/bajolalupa.news\/comienzodelfindelbosqueatlantico\/#\/schema\/logo\/image\/","url":"https:\/\/bajolalupa.news\/comienzodelfindelbosqueatlantico\/wp-content\/uploads\/IF-Logo-Stacked-color.png","contentUrl":"https:\/\/bajolalupa.news\/comienzodelfindelbosqueatlantico\/wp-content\/uploads\/IF-Logo-Stacked-color.png","width":500,"height":206,"caption":"InquireFirst"},"image":{"@id":"https:\/\/bajolalupa.news\/comienzodelfindelbosqueatlantico\/#\/schema\/logo\/image\/"}}]}},"_links":{"self":[{"href":"https:\/\/bajolalupa.news\/comienzodelfindelbosqueatlantico\/wp-json\/wp\/v2\/pages\/684","targetHints":{"allow":["GET"]}}],"collection":[{"href":"https:\/\/bajolalupa.news\/comienzodelfindelbosqueatlantico\/wp-json\/wp\/v2\/pages"}],"about":[{"href":"https:\/\/bajolalupa.news\/comienzodelfindelbosqueatlantico\/wp-json\/wp\/v2\/types\/page"}],"author":[{"embeddable":true,"href":"https:\/\/bajolalupa.news\/comienzodelfindelbosqueatlantico\/wp-json\/wp\/v2\/users\/1"}],"replies":[{"embeddable":true,"href":"https:\/\/bajolalupa.news\/comienzodelfindelbosqueatlantico\/wp-json\/wp\/v2\/comments?post=684"}],"version-history":[{"count":0,"href":"https:\/\/bajolalupa.news\/comienzodelfindelbosqueatlantico\/wp-json\/wp\/v2\/pages\/684\/revisions"}],"wp:attachment":[{"href":"https:\/\/bajolalupa.news\/comienzodelfindelbosqueatlantico\/wp-json\/wp\/v2\/media?parent=684"}],"curies":[{"name":"wp","href":"https:\/\/api.w.org\/{rel}","templated":true}]}}